{"id":10629,"date":"2026-03-27T09:29:52","date_gmt":"2026-03-27T14:29:52","guid":{"rendered":"http:\/\/sempitalito.gov.co\/web\/?page_id=10629"},"modified":"2026-04-27T14:12:31","modified_gmt":"2026-04-27T19:12:31","slug":"nuestra-entidad","status":"publish","type":"page","link":"http:\/\/sempitalito.gov.co\/web\/nuestra-entidad\/","title":{"rendered":"Plataforma Estrat\u00e9gica"},"content":{"rendered":"\t\t<div data-elementor-type=\"wp-page\" data-elementor-id=\"10629\" class=\"elementor elementor-10629\">\n\t\t\t\t<div class=\"elementor-element elementor-element-d6a9169 e-flex e-con-boxed e-con e-parent\" data-id=\"d6a9169\" data-element_type=\"container\" data-e-type=\"container\">\n\t\t\t\t\t<div class=\"e-con-inner\">\n\t\t\r\n\r\n\t\t<div class=\"elementor-element elementor-element-7521b51 elementor-widget elementor-widget-elementor-news-ticker\" data-id=\"7521b51\" data-element_type=\"widget\" data-e-type=\"widget\" data-widget_type=\"elementor-news-ticker.default\">\n\t\t\t\t<div class=\"elementor-widget-container\">\n\t\t\t\t\t\t\t<div class=\"news-ticker-wrap\">\t\t\t\t\t\t\t<div class=\"news-ticker-label\">\n\t\t\t\t   <span class=\"news-ticker-icon\">\n\t\t\t\t\t\t                        \n\t\t\t\t\t\t\t   <svg aria-hidden=\"true\" class=\"e-font-icon-svg e-fas-info\" viewBox=\"0 0 192 512\" xmlns=\"http:\/\/www.w3.org\/2000\/svg\"><path d=\"M20 424.229h20V279.771H20c-11.046 0-20-8.954-20-20V212c0-11.046 8.954-20 20-20h112c11.046 0 20 8.954 20 20v212.229h20c11.046 0 20 8.954 20 20V492c0 11.046-8.954 20-20 20H20c-11.046 0-20-8.954-20-20v-47.771c0-11.046 8.954-20 20-20zM96 0C56.235 0 24 32.235 24 72s32.235 72 72 72 72-32.235 72-72S135.764 0 96 0z\"><\/path><\/svg>                     \n\t\t\t\t\t\t\t\t\t\t\t<\/span>\t\n\t\t\t\t   AVISOS Y CONVOCATORIAS\t\t\t\t<\/div>\n\t         \n\t\t\t<div class=\"fd-elementor-news-ticker\" id=\"fd-ticker-7521b51\" data-speed=\"56\">\n\t\t\t\t\t\t\t\t<a  class=\"top-heading news-item-7521b51\" href=\"http:\/\/sempitalito.gov.co\/web\/2026\/04\/14\/convocatoria-09-2026-encargo-profesional-universitario\/\"> Convocatoria 09 2026 Encargo Profesional Universitario<\/a>\n\t\t            \t\t\t\t\t\t<span class=\"news-item-7521b51 sep_icon\">\n\t\t\t\t\t\t <svg aria-hidden=\"true\" class=\"e-font-icon-svg e-fa-circle\" viewBox=\"0 0 512 512\" xmlns=\"http:\/\/www.w3.org\/2000\/svg\"><path d=\"M256 8C119 8 8 119 8 256s111 248 248 248 248-111 248-248S393 8 256 8z\"><\/path><\/svg>\t\n\t\t\t\t\t\t<\/span>                      \t\n\t\t\t\t\t\t\t\t\t\t<a  class=\"top-heading news-item-7521b51\" href=\"http:\/\/sempitalito.gov.co\/web\/2026\/03\/31\/listado-de-educadores-en-esta-de-aprobacion-y-no-aprobacion\/\"> Listado de Educadores en esta de Aprobaci\u00f3n y no Aprobaci\u00f3n<\/a>\n\t\t            \t\t\t\t\t\t<span class=\"news-item-7521b51 sep_icon\">\n\t\t\t\t\t\t <svg aria-hidden=\"true\" class=\"e-font-icon-svg e-fa-circle\" viewBox=\"0 0 512 512\" xmlns=\"http:\/\/www.w3.org\/2000\/svg\"><path d=\"M256 8C119 8 8 119 8 256s111 248 248 248 248-111 248-248S393 8 256 8z\"><\/path><\/svg>\t\n\t\t\t\t\t\t<\/span>                      \t\n\t\t\t\t\t\t\t\t\t\t<a  class=\"top-heading news-item-7521b51\" href=\"http:\/\/sempitalito.gov.co\/web\/2026\/03\/27\/convocatoria-05-2026-encargo-coordinador-i-e-m-palmarito\/\"> Convocatoria 05 2026 &#8211; Encargo Coordinador I.E.M Palmarito<\/a>\n\t\t            \t\t\t\t\t\t<span class=\"news-item-7521b51 sep_icon\">\n\t\t\t\t\t\t <svg aria-hidden=\"true\" class=\"e-font-icon-svg e-fa-circle\" viewBox=\"0 0 512 512\" xmlns=\"http:\/\/www.w3.org\/2000\/svg\"><path d=\"M256 8C119 8 8 119 8 256s111 248 248 248 248-111 248-248S393 8 256 8z\"><\/path><\/svg>\t\n\t\t\t\t\t\t<\/span>                      \t\n\t\t\t\t\t\t\t\t\t\t<a  class=\"top-heading news-item-7521b51\" href=\"http:\/\/sempitalito.gov.co\/web\/2026\/03\/27\/convocatoria-04-2026-encargo-tecnico-administrativo\/\"> Convocatoria 04 2026 &#8211; Encargo T\u00e9cnico Administrativo<\/a>\n\t\t            \t\t\t\t\t\t<span class=\"news-item-7521b51 sep_icon\">\n\t\t\t\t\t\t <svg aria-hidden=\"true\" class=\"e-font-icon-svg e-fa-circle\" viewBox=\"0 0 512 512\" xmlns=\"http:\/\/www.w3.org\/2000\/svg\"><path d=\"M256 8C119 8 8 119 8 256s111 248 248 248 248-111 248-248S393 8 256 8z\"><\/path><\/svg>\t\n\t\t\t\t\t\t<\/span>                      \t\n\t\t\t\t\t\t\t\t\t\t<a  class=\"top-heading news-item-7521b51\" href=\"http:\/\/sempitalito.gov.co\/web\/2026\/03\/27\/acta-01-convocatoria-docente-de-aceleracion-2026\/\"> Acta 01 convocatoria docente de Aceleraci\u00f3n 2026<\/a>\n\t\t            \t\t\t\t\t\t<span class=\"news-item-7521b51 sep_icon\">\n\t\t\t\t\t\t <svg aria-hidden=\"true\" class=\"e-font-icon-svg e-fa-circle\" viewBox=\"0 0 512 512\" xmlns=\"http:\/\/www.w3.org\/2000\/svg\"><path d=\"M256 8C119 8 8 119 8 256s111 248 248 248 248-111 248-248S393 8 256 8z\"><\/path><\/svg>\t\n\t\t\t\t\t\t<\/span>                      \t\n\t\t\t\t\t\t\t\t\t\t<a  class=\"top-heading news-item-7521b51\" href=\"http:\/\/sempitalito.gov.co\/web\/2026\/03\/27\/respuesta-reclamaciones-convocatoria-03-de-2026\/\"> Respuesta reclamaciones convocatoria 03 de 2026<\/a>\n\t\t            \t\t\t\t\t\t<span class=\"news-item-7521b51 sep_icon\">\n\t\t\t\t\t\t <svg aria-hidden=\"true\" class=\"e-font-icon-svg e-fa-circle\" viewBox=\"0 0 512 512\" xmlns=\"http:\/\/www.w3.org\/2000\/svg\"><path d=\"M256 8C119 8 8 119 8 256s111 248 248 248 248-111 248-248S393 8 256 8z\"><\/path><\/svg>\t\n\t\t\t\t\t\t<\/span>                      \t\n\t\t\t\t\t\t\t\t<\/div>\t\t\t\n        <\/div>\n        \t\t<script>\n\t\t\tjQuery(document).ready(function($) {\n\t\t\t\tjQuery(\"#fd-ticker-7521b51\").ticker({\n\t\t\t\t\tspeed:56,\n\t\t\t\t\tpauseOnHover:!0,\n\t\t\t\t\titem:\".news-item-7521b51\"\n\t\t\t\t}).data(\"ticker\");\n\t\t\t}); \n\t\t<\/script>\n\t\t\t\t\t\t<\/div>\n\t\t\t\t<\/div>\n\t\t\t\t\t<\/div>\n\t\t\t\t<\/div>\n\t\t\t\t<section class=\"elementor-section elementor-top-section elementor-element elementor-element-a38f9b4 elementor-section-full_width elementor-section-height-default elementor-section-height-default\" data-id=\"a38f9b4\" data-element_type=\"section\" data-e-type=\"section\">\n\t\t\t\t\t\t<div class=\"elementor-container elementor-column-gap-no\">\n\t\t\t\t\t<div class=\"elementor-column elementor-col-100 elementor-top-column elementor-element elementor-element-27a0b88\" data-id=\"27a0b88\" data-element_type=\"column\" data-e-type=\"column\">\n\t\t\t<div class=\"elementor-widget-wrap elementor-element-populated\">\n\t\t\t\t\t\t<div class=\"shape-mockup elementor-element elementor-element-f4cb028 elementor-widget elementor-widget-edurashapeimage\" data-id=\"f4cb028\" data-element_type=\"widget\" data-e-type=\"widget\" data-widget_type=\"edurashapeimage.default\">\n\t\t\t\t<div class=\"elementor-widget-container\">\n\t\t\t\t\t<div class=\"shape-mockup jump   why-shape-1\" data-top=\"10%\" data-left=\"7%\"><img decoding=\"async\" src=\"http:\/\/sempitalito.gov.co\/web\/wp-content\/uploads\/2025\/12\/about_1_shape1-1.png\" alt=\"Secretaria de Educaci\u00f3n\" ><\/div>\t\t\t\t<\/div>\n\t\t\t\t<\/div>\n\t\t\t\t<div class=\"elementor-element elementor-element-abb4e0c elementor-widget elementor-widget-text-editor\" data-id=\"abb4e0c\" data-element_type=\"widget\" data-e-type=\"widget\" data-widget_type=\"text-editor.default\">\n\t\t\t\t<div class=\"elementor-widget-container\">\n\t\t\t\t\t\t\t\t\t<div class=\"shape-mockup why-shape-2\" data-bg-src=\"https:\/\/themeholy.com\/wordpress\/edura\/wp-content\/uploads\/2023\/07\/wcu_1_shape1.png\">\u00a0<\/div>\t\t\t\t\t\t\t\t<\/div>\n\t\t\t\t<\/div>\n\t\t\t\t<section class=\"elementor-section elementor-inner-section elementor-element elementor-element-bb9c2f1 elementor-section-boxed elementor-section-height-default elementor-section-height-default\" data-id=\"bb9c2f1\" data-element_type=\"section\" data-e-type=\"section\">\n\t\t\t\t\t\t<div class=\"elementor-container elementor-column-gap-no\">\n\t\t\t\t\t<div class=\"elementor-column elementor-col-100 elementor-inner-column elementor-element elementor-element-5f52902\" data-id=\"5f52902\" data-element_type=\"column\" data-e-type=\"column\">\n\t\t\t<div class=\"elementor-widget-wrap elementor-element-populated\">\n\t\t\t\t\t\t<div class=\"elementor-element elementor-element-aacd705 elementor-widget elementor-widget-text-editor\" data-id=\"aacd705\" data-element_type=\"widget\" data-e-type=\"widget\" data-widget_type=\"text-editor.default\">\n\t\t\t\t<div class=\"elementor-widget-container\">\n\t\t\t\t\t\t\t\t\t<div class=\"wp-block-columns\">\n<h3><\/h3>\n<div class=\"wp-block-column\" style=\"flex-basis: 100%;\">\n<p><\/p>\n<h3 style=\"text-align: center; color: #3b535e; font-family: 'Cormorant Garamond', serif; letter-spacing: 1px;\">PLATAFORMA ESTRAT\u00c9GICA SECRETAR\u00cdA DE EDUCACI\u00d3N DE PITALITO<\/h3>\n<h5 style=\"text-align: center; color: #3b535e; font-family: 'Cormorant Garamond';\">MISI\u00d3N<\/h5>\n<p>Administrar los servicios del Sistema Educativo local, que garantice el acceso y la permanencia de la poblaci\u00f3n estudiantil, con eficacia, calidad, pertinencia acad\u00e9mica y social, con el prop\u00f3sito de atender las necesidades de la comunidad educativa Laboyana, a trav\u00e9s de las pol\u00edticas\u00a0 formuladas en el Plan de desarrollo Municipal.<\/p>\n<h5 style=\"text-align: center; color: #3b535e; font-family: 'Cormorant Garamond';\">VISI\u00d3N<\/h5>\n<p>En el a\u00f1o 2020 la Secretar\u00eda de Educaci\u00f3n del Municipio de Pitalito, por su estructura organizacional moderna, ser\u00e1 una dependencia eficiente, incluyente, reconocida en el contexto nacional por su liderazgo en la planeaci\u00f3n, gesti\u00f3n y ejecuci\u00f3n de los procesos formativos que recibe la comunidad Laboyana.<\/p>\n<h5 style=\"text-align: center; color: #3b535e; font-family: 'Cormorant Garamond'; margin-top: 25px; margin-bottom: 10px;\">POL\u00cdTICA DE CALIDAD<\/h5>\n<p>La Secretaria de Educaci\u00f3n de Pitalito se compromete a establecer,\u00a0implementar y mejorar continuamente el SISTEMA DE GESTION DE CALIDAD, que garantice la prestaci\u00f3n de un servicio integral de Educaci\u00f3n, mediante la articulaci\u00f3n en sus Macroprocesos y servicios, con el fin de demostrar eficiencia, eficacia y transparencia en el cumplimiento de sus objetivos y fines educativos, con talento capacitado, comprometido con el sector, que gestione los recursos necesarios, desarrolle e implemente procesos de an\u00e1lisis y seguimiento para el mejoramiento continuo institucional.<\/p>\n<h5 style=\"text-align: center; color: #3b535e; font-family: 'Cormorant Garamond'; margin-top: 25px; margin-bottom: 10px;\">BOJETIVOS DE CALIDAD<\/h5>\n<div>\u00a0<\/div>\n<p><strong>OBJETIVO GENERAL<\/strong><\/p>\n<p>Alcanzar la eficacia, eficiencia y pertinencia social a trav\u00e9s de la implementaci\u00f3n\u00a0 de los procesos de la Secretar\u00eda de Educaci\u00f3n, en busca de la mejora continua de los mismos, incrementando el nivel de competencia y liderazgo en el talento humano al servicio de la Comunidad Educativa Laboyana.<\/p>\n<p><strong>OBJETIVOS ESPECIFICOS<\/strong><\/p>\n<ul>\n<li style=\"list-style-type: none;\">\n<ul>\n<li style=\"list-style-type: none;\">\n<ul style=\"line-height: 1.6;\">\n<li style=\"margin-bottom: 10px; color: #3b535e;\">Fortalecer los mecanismos de sensibilizaci\u00f3n, que permitan empoderar y desarrollar la cultura del Autocontrol en el marco del Sistema de Control Interno.<\/li>\n<li style=\"margin-bottom: 10px; color: #3b535e;\">Incrementar el nivel de confiabilidad y el grado de satisfacci\u00f3n de\u00a0los servicios prestados a la Comunidad Educativa del Municipio.<\/li>\n<li style=\"margin-bottom: 10px; color: #3b535e;\">Dotar a la Secretar\u00eda, de herramientas de trabajo que contribuya al cumplimiento eficaz y eficiente de la misi\u00f3n y metas esenciales, contempladas en la Gesti\u00f3n Estrat\u00e9gica\u00a0 de las dependencias.<\/li>\n<li style=\"margin-bottom: 10px; color: #3b535e;\">Dotar a la Secretaria, de herramientas de trabajo que contribuya al cumplimiento eficaz y eficiente de la misi\u00f3n y metas esenciales, contempladas en la Gesti\u00f3n Estrat\u00e9gica de las dependencias<\/li>\n<\/ul>\n<\/li>\n<\/ul>\n<\/li>\n<\/ul>\n<p><strong>\u00a0<\/strong><\/p>\n<p><strong>\u00a0 \u00a0 \u00a0 \u00a0 \u00a0 \u00a0 \u00a0 \u00a0 \u00a0 \u00a0 \u00a0 \u00a0 \u00a0 \u00a0 \u00a0 \u00a0 \u00a0 \u00a0 \u00a0 \u00a0 \u00a0 \u00a0 \u00a0VALORES Y COMPROMISOS \u00c9TICOS<\/strong><\/p>\n<table style=\"width: 671px; border-collapse: collapse; height: 272px;\" border=\"0\" cellspacing=\"0\" cellpadding=\"0\">\n<tbody>\n<tr style=\"height: 23.15pt;\">\n<td style=\"width: 269.45pt; border-style: solid; border-color: white; border-width: 1pt 1pt 3pt; padding: 3.6pt 7.2pt; height: 23.15pt; background: #ddebcf;\" colspan=\"2\" valign=\"top\" width=\"359\"><span style=\"font-size: 14pt;\">\u00a0\u00a0\u00a0\u00a0\u00a0\u00a0\u00a0\u00a0\u00a0\u00a0\u00a0\u00a0\u00a0\u00a0 \u00a0\u00a0\u00a0\u00a0\u00a0\u00a0\u00a0\u00a0\u00a0\u00a0<strong>\u00a0VALORES <\/strong><\/span><\/td>\n<td style=\"width: 163pt; border-style: solid solid solid none; border-top-color: white; border-top-width: 1pt; border-bottom-color: white; border-bottom-width: 3pt; border-right-color: white; border-right-width: 1pt; padding: 3.6pt 7.2pt; height: 23.15pt; background: #ddebcf;\" valign=\"top\" width=\"217\"><span style=\"font-size: 14pt;\">\u00a0\u00a0\u00a0 <strong>COMPROMISOS<\/strong><\/span><\/td>\n<\/tr>\n<tr style=\"height: 175.4pt;\">\n<td style=\"width: 148.95pt; border-style: none solid solid; border-right-color: white; border-bottom-color: white; border-left-color: white; border-right-width: 1pt; border-bottom-width: 1pt; border-left-width: 1pt; padding: 3.6pt 7.2pt; height: 175.4pt; background: #ddebcf;\" valign=\"top\" width=\"199\">\n<p style=\"margin: 0cm -3.4pt 0.0001pt 30px; text-indent: -18pt;\"><span style=\"font-size: 14pt; font-family: Wingdings;\">\u00fc<\/span><span style=\"font-size: 14pt;\">Transparencia<\/span><\/p>\n<p style=\"margin: 0cm -3.4pt 0.0001pt 30px; text-indent: -18pt;\"><span style=\"font-size: 14pt; font-family: Wingdings;\">\u00fc<\/span><span style=\"font-size: 14pt;\">\u00a0Respeto <\/span><\/p>\n<p style=\"margin: 0cm -3.4pt 0.0001pt 30px; text-indent: -18pt;\"><span style=\"font-size: 14pt; font-family: Wingdings;\">\u00fc<\/span><span style=\"font-size: 14pt;\">Tolerancia<\/span><\/p>\n<p style=\"margin: 0cm -3.4pt 0.0001pt 30px; text-indent: -18pt;\"><span style=\"font-size: 14pt; font-family: Wingdings;\">\u00fc<\/span><span style=\"font-size: 14pt;\">\u00a0Servicio<\/span><\/p>\n<p style=\"margin: 0cm -3.4pt 0.0001pt 30px; text-indent: -18pt;\"><span style=\"font-size: 14pt; font-family: Wingdings;\">\u00fc<\/span><span style=\"font-size: 14pt;\">\u00a0Responsabilidad<\/span><\/p>\n<p style=\"margin: 0cm -3.4pt 0.0001pt 30px; text-indent: -18pt;\"><span style=\"font-size: 14pt; font-family: Wingdings;\">\u00fc<\/span><span style=\"font-size: 14pt;\">\u00a0Compromiso<\/span><\/p>\n<p style=\"margin: 0cm -3.4pt 0.0001pt 30px; text-indent: -18pt;\"><span style=\"font-size: 14pt; font-family: Wingdings;\">\u00fc<\/span><span style=\"font-size: 14pt;\">\u00a0Justicia<\/span><\/p>\n<\/td>\n<td style=\"width: 120.5pt; border-style: none solid solid none; border-bottom-color: white; border-bottom-width: 1pt; border-right-color: white; border-right-width: 1pt; padding: 3.6pt 7.2pt; height: 175.4pt; background: #ddebcf;\" valign=\"top\" width=\"161\">\n<p style=\"margin: 0cm -3.4pt 0.0001pt 30px; text-indent: -18pt;\"><span style=\"font-size: 14pt; font-family: Wingdings;\">\u00fc<\/span><span style=\"font-size: 14pt;\">Honestidad<\/span><\/p>\n<p style=\"margin: 0cm -3.4pt 0.0001pt 30px; text-indent: -18pt;\"><span style=\"font-size: 14pt; font-family: Wingdings;\">\u00fc<\/span><span style=\"font-size: 14pt;\">\u00a0Participaci\u00f3n<\/span><\/p>\n<p style=\"margin: 0cm -3.4pt 0.0001pt 30px; text-indent: -18pt;\"><span style=\"font-size: 14pt; font-family: Wingdings;\">\u00fc<\/span><span style=\"font-size: 14pt;\">\u00a0Confianza<\/span><\/p>\n<p style=\"margin: 0cm -3.4pt 0.0001pt 30px; text-indent: -18pt;\"><span style=\"font-size: 14pt; font-family: Wingdings;\">\u00fc<\/span><span style=\"font-size: 14pt;\">\u00a0Lealtad<\/span><\/p>\n<p style=\"margin: 0cm -3.4pt 0.0001pt 30px; text-indent: -18pt;\"><span style=\"font-size: 14pt; font-family: Wingdings;\">\u00fc<\/span><span style=\"font-size: 14pt;\"> Autocontrol<\/span><\/p>\n<p style=\"margin: 0cm -3.4pt 0.0001pt 30px; text-indent: -18pt;\">\u00a0<\/p>\n<\/td>\n<td style=\"width: 163pt; border-style: none solid solid none; border-bottom-color: white; border-bottom-width: 1pt; border-right-color: white; border-right-width: 1pt; padding: 3.6pt 7.2pt; height: 175.4pt; background: #ddebcf;\" valign=\"top\" width=\"217\">\n<p style=\"margin: 0cm -3.4pt 0.0001pt 30px; text-indent: -18pt;\"><span style=\"font-size: 14pt; font-family: Wingdings;\">\u00fc<\/span><span style=\"font-size: 14pt;\">Como Servidores P\u00fablicos<\/span><\/p>\n<p style=\"margin: 0cm -3.4pt 0.0001pt 30px; text-indent: -18pt;\"><span style=\"font-size: 14pt; font-family: Wingdings;\">\u00fc<\/span><span style=\"font-size: 14pt;\">Con la comunidad<\/span><\/p>\n<p style=\"margin: 0cm -3.4pt 0.0001pt 30px; text-indent: -18pt;\"><span style=\"font-size: 14pt; font-family: Wingdings;\">\u00fc<\/span><span style=\"font-size: 14pt;\">\u00a0Con los contratistas<\/span><\/p>\n<p style=\"margin: 0cm -3.4pt 0.0001pt 30px; text-indent: -18pt;\"><span style=\"font-size: 14pt; font-family: Wingdings;\">\u00fc<\/span><span style=\"font-size: 14pt;\">\u00a0Con los proveedores\u00a0\u00a0\u00a0 <\/span><\/p>\n<p style=\"margin: 0cm -3.4pt 0.0001pt 30px; text-indent: -18pt;\"><span style=\"font-size: 14pt; font-family: Wingdings;\">\u00fc<\/span><span style=\"font-size: 14pt;\">\u00a0Con otras Instituciones<\/span><\/p>\n<p style=\"margin: 0cm -3.4pt 0.0001pt 30px; text-indent: -18pt;\"><span style=\"font-size: 14pt; font-family: Wingdings;\">\u00fc<\/span><span style=\"font-size: 14pt;\">\u00a0Con el ambiente<\/span><\/p>\n<\/td>\n<\/tr>\n<\/tbody>\n<\/table>\n<table style=\"width: 671px; border-collapse: collapse; margin-right: 4.8pt; text-align: left; background-image: initial; background-attachment: initial; background-position: initial; background-repeat: initial;\" border=\"0\" cellspacing=\"0\" cellpadding=\"0\">\n<tbody>\n<tr style=\"height: 23.5pt;\">\n<td style=\"width: 503.35pt; border-style: solid; border-color: #4f81bd; border-width: 1pt 1pt 2.25pt; padding: 0cm 5.4pt; height: 23.5pt; text-align: center;\" colspan=\"2\" valign=\"top\" width=\"671\"><span style=\"font-size: 14pt;\"><strong>\u00a0SIGNIFICADO DE LOS VALORES<\/strong><\/span><\/td>\n<\/tr>\n<tr style=\"height: 243.05pt;\">\n<td style=\"width: 255.3pt; border-style: none solid solid; border-right-color: #4f81bd; border-bottom-color: #4f81bd; border-left-color: #4f81bd; border-right-width: 1pt; border-bottom-width: 1pt; border-left-width: 1pt; padding: 0cm 5.4pt; height: 243.05pt; background: #d3dfee;\" valign=\"top\" width=\"340\">\n<ul>\n<li><strong><span style=\"font-size: 12pt; font-family: Arial, sans-serif; color: #444444;\">Transparencia<\/span><\/strong><span style=\"font-size: 12pt; font-family: Arial, sans-serif; color: #444444; border: 1pt none windowtext; padding: 0cm;\">:<\/span><span style=\"font-size: 12pt; font-family: Arial, sans-serif; color: #444444; border: 1pt none windowtext; padding: 0cm;\">actuaci\u00f3n que muestra la verdad de sus hechos<\/span><\/li>\n<li><strong><span style=\"font-size: 12pt; font-family: Arial, sans-serif; color: #444444;\">Respeto<\/span><\/strong><span style=\"font-size: 12pt; font-family: Arial, sans-serif; color: #444444; border: 1pt none windowtext; padding: 0cm;\">:<\/span><span style=\"font-size: 12pt; font-family: Arial, sans-serif; color: #444444; border: 1pt none windowtext; padding: 0cm;\">Consideraci\u00f3n y reconocimiento del valor de una persona o de una cosa<\/span><\/li>\n<li><strong><span style=\"font-size: 12pt; font-family: Arial, sans-serif; color: #444444;\">Tolerancia<\/span><\/strong><span style=\"font-size: 12pt; font-family: Arial, sans-serif; color: #444444; border: 1pt none windowtext; padding: 0cm;\">:<\/span><span style=\"font-size: 12pt; font-family: Arial, sans-serif; color: #444444; border: 1pt none windowtext; padding: 0cm;\">Respeto a las opiniones, ideas o actitudes de los dem\u00e1s, aunque no coincidan con las propias<\/span><\/li>\n<li><strong><span style=\"font-size: 12pt; font-family: Arial, sans-serif; color: #444444;\">Servicio<\/span><\/strong><span style=\"font-size: 12pt; font-family: Arial, sans-serif; color: #444444; border: 1pt none windowtext; padding: 0cm;\">:<\/span><span style=\"font-size: 12pt; font-family: Arial, sans-serif; color: #444444; border: 1pt none windowtext; padding: 0cm;\">Favor o beneficio que se le hace a una persona<\/span><\/li>\n<li><strong><span style=\"font-size: 12pt; font-family: Arial, sans-serif; color: #444444;\">Responsabilidad<\/span><\/strong><span style=\"font-size: 12pt; font-family: Arial, sans-serif; color: #444444; border: 1pt none windowtext; padding: 0cm;\">:<\/span><span style=\"font-size: 12pt; font-family: Arial, sans-serif; color: #444444; border: 1pt none windowtext; padding: 0cm;\">actitud del que cumple sus obligaciones de la forma debida<\/span><\/li>\n<li><strong><span style=\"font-size: 12pt; font-family: Arial, sans-serif; color: #444444;\">Compromiso<\/span><\/strong><span style=\"font-size: 12pt; font-family: Arial, sans-serif; color: #444444; border: 1pt none windowtext; padding: 0cm;\">:<\/span><span style=\"font-size: 12pt; font-family: Arial, sans-serif; color: #444444; border: 1pt none windowtext; padding: 0cm;\">Responsabilidad u obligaci\u00f3n que se contrae<\/span><\/li>\n<li><strong><span style=\"font-size: 12pt; font-family: Arial, sans-serif; color: #444444;\">Justicia<\/span><\/strong><span style=\"font-size: 12pt; font-family: Arial, sans-serif; color: #444444; border: 1pt none windowtext; padding: 0cm;\">:<\/span><span style=\"font-size: 12pt; font-family: Arial, sans-serif; color: #444444; border: 1pt none windowtext; padding: 0cm;\">Acci\u00f3n o poder de reconocer y dar a cada uno lo que le pertenece<\/span><\/li>\n<\/ul>\n<\/td>\n<td style=\"width: 248.05pt; border-style: none solid solid none; border-bottom-color: #4f81bd; border-bottom-width: 1pt; border-right-color: #4f81bd; border-right-width: 1pt; padding: 0cm 5.4pt; height: 243.05pt; background: #d3dfee;\" valign=\"top\" width=\"331\">\n<ul style=\"line-height: normal;\">\n<li><strong><span style=\"font-size: 12pt; font-family: Arial, sans-serif; color: #444444;\">Honestidad<\/span><\/strong><span style=\"font-size: 12pt; font-family: Arial, sans-serif; color: #444444; border: 1pt none windowtext; padding: 0cm;\">:<\/span><span style=\"font-size: 12pt; font-family: Arial, sans-serif; color: #444444; border: 1pt none windowtext; padding: 0cm;\">honradez de una persona<\/span><\/li>\n<li><strong><span style=\"font-size: 12pt; font-family: Arial, sans-serif; color: #444444;\">Participaci\u00f3n<\/span><\/strong><span style=\"font-size: 12pt; font-family: Arial, sans-serif; color: #444444; border: 1pt none windowtext; padding: 0cm;\">:<\/span><span style=\"font-size: 12pt; font-family: Arial, sans-serif; color: #444444; border: 1pt none windowtext; padding: 0cm;\">Intervenci\u00f3n, junto con otros, en un suceso o actividad<\/span><\/li>\n<li><strong><span style=\"font-size: 12pt; font-family: Arial, sans-serif; color: #444444;\">Confianza<\/span><\/strong><span style=\"font-size: 12pt; font-family: Arial, sans-serif; color: #444444; border: 1pt none windowtext; padding: 0cm;\">: I<\/span><span style=\"font-size: 12pt; font-family: Arial, sans-serif; color: #444444; border: 1pt none windowtext; padding: 0cm;\">impresi\u00f3n u opini\u00f3n firme que se tiene de que una persona por buena fe o intuici\u00f3n<\/span><\/li>\n<li><strong><span style=\"font-size: 12pt; font-family: Arial, sans-serif; color: #444444;\">Lealtad<\/span><\/strong><span style=\"font-size: 12pt; font-family: Arial, sans-serif; color: #444444; border: 1pt none windowtext; padding: 0cm;\">:<\/span><span style=\"font-size: 12pt; font-family: Arial, sans-serif; color: #444444; border: 1pt none windowtext; padding: 0cm;\">Firmeza en los afectos y en las ideas que lleva a no enga\u00f1ar ni traicionar a los dem\u00e1s<\/span><\/li>\n<li><strong><span style=\"font-size: 12pt; font-family: Arial, sans-serif; color: #444444;\">Autocontrol<\/span><\/strong><span style=\"font-size: 12pt; font-family: Arial, sans-serif; color: #444444; border: 1pt none windowtext; padding: 0cm;\">:<\/span><span style=\"font-size: 12pt; font-family: Arial, sans-serif; color: #444444; border: 1pt none windowtext; padding: 0cm;\">Capacidad de control sobre s\u00ed mismo.<\/span><\/li>\n<\/ul>\n<\/td>\n<\/tr>\n<\/tbody>\n<\/table>\n<p style=\"text-align: center;\"><span style=\"font-size: 16pt;\"><strong>FUNCIONES DE LA SECRETARIA DE EDUCACI\u00d3N<\/strong><\/span><\/p>\n<ul>\n<li style=\"list-style-type: none;\">\n<ul>\n<li style=\"list-style-type: none;\">\n<ul>\n<li style=\"text-align: left;\">\n<blockquote>\n<p>Dirigir, planificar y prestar el servicio educativo en los niveles de preescolar, b\u00e1sica y media en condiciones de \u00a0 \u00a0equidad, eficiencia y calidad, en los t\u00e9rminos definidos en la presente ley.<\/p>\n<\/blockquote>\n<\/li>\n<li style=\"text-align: left;\">\n<blockquote>\n<p>Administrar y distribuir entre los establecimientos educativos de su jurisdicci\u00f3n los recursos financieros provenientes del Sistema General de Participaciones, destinados a la prestaci\u00f3n de los servicios educativos a cargo del Estado, atendiendo los criterios establecidos en la presente ley y en el reglamento.<\/p>\n<\/blockquote>\n<\/li>\n<li style=\"text-align: left;\">\n<blockquote>\n<p>Administrar, ejerciendo las facultades se\u00f1aladas en el art\u00edculo 153 de la Ley 115 de 1994, las instituciones educativas, el personal docente y administrativo de los planteles educativos, sujet\u00e1ndose a la planta de cargos adoptada de conformidad con la presente ley. Para ello, realizar\u00e1 concursos, efectuar\u00e1 los nombramientos del personal requerido, administrar\u00e1 los ascensos, sin superar en ning\u00fan caso el monto de los recursos de la participaci\u00f3n para educaci\u00f3n del Sistema General de Participaciones asignado a la respectiva entidad territorial y trasladar\u00e1 docentes entre instituciones educativas, sin m\u00e1s requisito legal que la expedici\u00f3n de los respectivos actos administrativos debidamente motivados.<\/p>\n<\/blockquote>\n<\/li>\n<li style=\"text-align: left;\">\n<blockquote>\n<p>Distribuir entre las instituciones educativas los docentes y la planta de cargos, de acuerdo con las necesidades del servicio entendida como poblaci\u00f3n atendida y por atender en condiciones de eficiencia, siguiendo la regulaci\u00f3n nacional sobre la materia.<\/p>\n<\/blockquote>\n<\/li>\n<li style=\"text-align: left;\">\n<blockquote>\n<p>Podr\u00e1n participar con recursos propios en la financiaci\u00f3n de los servicios educativos a cargo del Estado y en la cofinanciaci\u00f3n de programas y proyectos educativos y en las inversiones de infraestructura, calidad y dotaci\u00f3n. Los costos amparados con estos recursos no podr\u00e1n generar gastos permanentes a cargo al Sistema General de Participaciones.<\/p>\n<\/blockquote>\n<\/li>\n<li style=\"text-align: left;\">\n<blockquote>\n<p>Mantener la actual cobertura y propender a su ampliaci\u00f3n.<\/p>\n<\/blockquote>\n<\/li>\n<li style=\"text-align: left;\">\n<blockquote>\n<p>Evaluar el desempe\u00f1o de rectores y directores, y de los directivos docentes.<\/p>\n<\/blockquote>\n<\/li>\n<li style=\"text-align: left;\">\n<blockquote>\n<p>Ejercer la inspecci\u00f3n, vigilancia y supervisi\u00f3n de la educaci\u00f3n en su jurisdicci\u00f3n, en ejercicio de la delegaci\u00f3n que para tal fin realice el Presidente de la Rep\u00fablica.<\/p>\n<\/blockquote>\n<\/li>\n<li style=\"text-align: left;\">\n<blockquote>\n<p>Prestar asistencia t\u00e9cnica y administrativa a las instituciones educativas cuando a ello haya lugar.<\/p>\n<\/blockquote>\n<\/li>\n<li style=\"text-align: left;\">\n<blockquote>\n<p>Administrar el Sistema de Informaci\u00f3n Educativa Municipal o Distrital y suministrar la informaci\u00f3n al departamento y a la Naci\u00f3n con la calidad y en la oportunidad que se\u00f1ale el reglamento.<\/p>\n<\/blockquote>\n<\/li>\n<li style=\"text-align: left;\">\n<blockquote>\n<p>Promover la aplicaci\u00f3n y ejecuci\u00f3n de los planes de mejoramiento de la calidad en sus instituciones.<\/p>\n<\/blockquote>\n<\/li>\n<li style=\"text-align: left;\">\n<blockquote>\n<p>Organizar la prestaci\u00f3n del servicio educativo en su en su jurisdicci\u00f3n.<\/p>\n<\/blockquote>\n<\/li>\n<li style=\"text-align: left;\">\n<blockquote>\n<p>Vigilar la aplicaci\u00f3n de la regulaci\u00f3n nacional sobre las tarifas de matr\u00edculas, pensiones, derechos acad\u00e9micos y cobros peri\u00f3dicos en las instituciones educativas.<\/p>\n<\/blockquote>\n<\/li>\n<li style=\"text-align: left;\">\n<blockquote>\n<p>Cofinanciar la evaluaci\u00f3n de logros de acuerdo con lo establecido en el numeral<\/p>\n<\/blockquote>\n<\/li>\n<li style=\"text-align: left;\">\n<blockquote>\n<p>Para efectos de la inscripci\u00f3n y los ascensos en el escalaf\u00f3n, la entidad territorial<\/p>\n<\/blockquote>\n<\/li>\n<li style=\"text-align: left;\">\n<blockquote>\n<p>determinar\u00e1 la repartici\u00f3n organizacional encargada de esta funci\u00f3n de conformidad con el reglamento que expida el Gobierno Nacional.<\/p>\n<\/blockquote>\n<\/li>\n<\/ul>\n<\/li>\n<\/ul>\n<\/li>\n<\/ul>\n<p><\/p>\n<\/div>\n<p><\/p>\n<\/div>\n<p><!-- \/wp:columns --><\/p>\t\t\t\t\t\t\t\t<\/div>\n\t\t\t\t<\/div>\n\t\t\t\t\t<\/div>\n\t\t<\/div>\n\t\t\t\t\t<\/div>\n\t\t<\/section>\n\t\t\t\t\t<\/div>\n\t\t<\/div>\n\t\t\t\t\t<\/div>\n\t\t<\/section>\n\t\t\t\t<section class=\"elementor-section elementor-top-section elementor-element elementor-element-77508f6 elementor-section-full_width footer-wrapper footer-layout1 elementor-section-height-default elementor-section-height-default\" data-id=\"77508f6\" data-element_type=\"section\" data-e-type=\"section\" data-settings=\"{&quot;background_background&quot;:&quot;classic&quot;}\">\n\t\t\t\t\t\t<div class=\"elementor-container elementor-column-gap-no\">\n\t\t\t\t\t<div class=\"elementor-column elementor-col-100 elementor-top-column elementor-element elementor-element-4f459a2\" data-id=\"4f459a2\" data-element_type=\"column\" data-e-type=\"column\">\n\t\t\t<div class=\"elementor-widget-wrap elementor-element-populated\">\n\t\t\t\t\t\t<section class=\"elementor-section elementor-inner-section elementor-element elementor-element-83bbb0b footer-wrap elementor-section-boxed elementor-section-height-default elementor-section-height-default\" data-id=\"83bbb0b\" data-element_type=\"section\" data-e-type=\"section\" data-settings=\"{&quot;background_background&quot;:&quot;classic&quot;}\">\n\t\t\t\t\t\t<div class=\"elementor-container elementor-column-gap-no\">\n\t\t\t\t\t<div class=\"elementor-column elementor-col-100 elementor-inner-column elementor-element elementor-element-ea2cd1f\" data-id=\"ea2cd1f\" data-element_type=\"column\" data-e-type=\"column\">\n\t\t\t<div class=\"elementor-widget-wrap elementor-element-populated\">\n\t\t\t\t\t\t<section class=\"elementor-section elementor-inner-section elementor-element elementor-element-00504cd elementor-section-boxed elementor-section-height-default elementor-section-height-default\" data-id=\"00504cd\" data-element_type=\"section\" data-e-type=\"section\" data-settings=\"{&quot;background_background&quot;:&quot;classic&quot;}\">\n\t\t\t\t\t\t<div class=\"elementor-container elementor-column-gap-no\">\n\t\t\t\t\t<div class=\"elementor-column elementor-col-100 elementor-inner-column elementor-element elementor-element-b7e0bcb widget footer-widget\" data-id=\"b7e0bcb\" data-element_type=\"column\" data-e-type=\"column\">\n\t\t\t<div class=\"elementor-widget-wrap elementor-element-populated\">\n\t\t\t\t\t\t<div class=\"elementor-element elementor-element-f0c7568 elementor-widget__width-initial elementor-widget elementor-widget-eduraaboutinfo\" data-id=\"f0c7568\" data-element_type=\"widget\" data-e-type=\"widget\" data-widget_type=\"eduraaboutinfo.default\">\n\t\t\t\t<div class=\"elementor-widget-container\">\n\t\t\t\t\t\r\n                    <div class=\"th-widget-about\">\r\n                <div class=\"about-logo\">\r\n                    <a href=\"#\">\r\n                       <img decoding=\"async\" src=\"http:\/\/sempitalito.gov.co\/web\/wp-content\/uploads\/2026\/03\/logo-semp-PIE.png\" alt=\"logo semp PIE\"  \/>                    <\/a>\r\n                <\/div>\r\n                <p class=\"about-text th-desc\">\u00a9 2026 Secretar\u00eda de Educaci\u00f3n Municipal de Pitalito - Huila Carrera 3 No. 4-78 Centro Administrativo Municipal - LA CHAPOLERA. Tel\u00e9fono: 3183507741 - Correo electr\u00f3nico: secretaria.educacion@sempitalito.gov.co Horario de atenci\u00f3n: Lunes a jueves 7:30 a.m a 12 m y de 2:00 p.m a 5 p.m - viernes hasta la 4:00 p.m<\/p>\r\n                <div class=\"th-social\">\r\n                    <h6 class=\"title text-white th-title\">SIGUENOS:<\/h6>\r\n\t\t\t\t\t\t\t\t\t\t\t<a  target=&quot;_blank&quot; href=\"#\"><i class=\"fab fa-instagram\"><\/i><\/a>\r\n\t\t\t\t\t\t\t\t\t\t\t<a  target=&quot;_blank&quot; href=\"#\"><i class=\"fab fa-facebook-f\"><\/i><\/a>\r\n\t\t\t\t\t\t\t\t\t<\/div>\r\n            <\/div>\r\n\r\n\t\t\t\t\t\t<\/div>\n\t\t\t\t<\/div>\n\t\t\t\t\t<\/div>\n\t\t<\/div>\n\t\t\t\t\t<\/div>\n\t\t<\/section>\n\t\t\t\t\t<\/div>\n\t\t<\/div>\n\t\t\t\t\t<\/div>\n\t\t<\/section>\n\t\t\t\t<div class=\"shape-mockup elementor-element elementor-element-d4c1417 elementor-widget elementor-widget-edurashapeimage\" data-id=\"d4c1417\" data-element_type=\"widget\" data-e-type=\"widget\" data-widget_type=\"edurashapeimage.default\">\n\t\t\t\t<div class=\"elementor-widget-container\">\n\t\t\t\t\t<div class=\"shape-mockup jump-reverse  footer-shape2\" data-bottom=\"120px\" data-right=\"80px\"><img decoding=\"async\" src=\"http:\/\/sempitalito.gov.co\/web\/wp-content\/uploads\/2025\/12\/footer-bg-shape2.png\" alt=\"Secretaria de Educaci\u00f3n\" ><\/div>\t\t\t\t<\/div>\n\t\t\t\t<\/div>\n\t\t\t\t\t<\/div>\n\t\t<\/div>\n\t\t\t\t\t<\/div>\n\t\t<\/section>\n\t\t\t\t<\/div>\n\t\t","protected":false},"excerpt":{"rendered":"<p>AVISOS Y CONVOCATORIAS Convocatoria 09 2026 Encargo Profesional Universitario Listado de Educadores en esta de Aprobaci\u00f3n y no Aprobaci\u00f3n Convocatoria&#8230;<\/p>\n","protected":false},"author":2,"featured_media":0,"parent":0,"menu_order":0,"comment_status":"closed","ping_status":"closed","template":"template-builder.php","meta":{"footnotes":""},"class_list":["post-10629","page","type-page","status-publish","hentry","th-blog blog-single"],"_links":{"self":[{"href":"http:\/\/sempitalito.gov.co\/web\/wp-json\/wp\/v2\/pages\/10629","targetHints":{"allow":["GET"]}}],"collection":[{"href":"http:\/\/sempitalito.gov.co\/web\/wp-json\/wp\/v2\/pages"}],"about":[{"href":"http:\/\/sempitalito.gov.co\/web\/wp-json\/wp\/v2\/types\/page"}],"author":[{"embeddable":true,"href":"http:\/\/sempitalito.gov.co\/web\/wp-json\/wp\/v2\/users\/2"}],"replies":[{"embeddable":true,"href":"http:\/\/sempitalito.gov.co\/web\/wp-json\/wp\/v2\/comments?post=10629"}],"version-history":[{"count":21,"href":"http:\/\/sempitalito.gov.co\/web\/wp-json\/wp\/v2\/pages\/10629\/revisions"}],"predecessor-version":[{"id":10995,"href":"http:\/\/sempitalito.gov.co\/web\/wp-json\/wp\/v2\/pages\/10629\/revisions\/10995"}],"wp:attachment":[{"href":"http:\/\/sempitalito.gov.co\/web\/wp-json\/wp\/v2\/media?parent=10629"}],"curies":[{"name":"wp","href":"https:\/\/api.w.org\/{rel}","templated":true}]}}